{"id":1147,"date":"2022-12-05T10:27:41","date_gmt":"2022-12-05T07:27:41","guid":{"rendered":"https:\/\/oznecocuk.com\/?page_id=1147"},"modified":"2023-03-13T19:10:11","modified_gmt":"2023-03-13T16:10:11","slug":"giris","status":"publish","type":"page","link":"https:\/\/oznecocuk.com\/en\/ccisd\/giris\/","title":{"rendered":"Giri\u015f"},"content":{"rendered":"<section class=\"wpb-content-wrapper\">\n<div id=\"wpc_69f2d44595663\" class=\"vc_row wpb_row vc_row-fluid\">\n\t\t<div class=\"row_inner_wrapper  clearfix\">\n\t\t\t<div class=\"row_inner container clearfix\">\n\t\t\t\t<div class=\"row_full_center_content clearfix\"><div class=\"wpb_column vc_column_container vc_col-sm-12\"><div class=\"vc_column-inner\"><div class=\"wpb_wrapper\">\n\t<div class=\"wpb_text_column wpb_content_element\" >\n\t\t<div class=\"wpb_wrapper\">\n\t\t\t<p style=\"text-align: justify;\">\u0130leti\u015fim, Koordinasyon ve Bilgi Payla\u015f\u0131m\u0131 Belgesi T\u00fcrkiye\u2019de \u00c7ocuk Haklar\u0131n\u0131n Desteklenmesi i\u00e7in Teknik Yard\u0131m Projesi kapsam\u0131nda, \u00e7ocuk haklar\u0131n\u0131n d\u00f6rt odak alan\u0131nda kurum i\u00e7i ve kurumlar aras\u0131 koordinasyon, ileti\u015fim ve i\u015f birli\u011fini kuvvetlendirmeye y\u00f6nelik temel \u00f6nerilerde bulunmak ve b\u00f6ylelikle T\u00fcrkiye\u2019de \u00e7ocuk haklar\u0131n\u0131n daha etkin bir \u015fekilde ger\u00e7ekle\u015ftirilmesine katk\u0131da bulunmak amac\u0131yla haz\u0131rlanm\u0131\u015ft\u0131r.<\/p>\n<p style=\"text-align: justify;\">\u0130\u015fbu belgenin haz\u0131rl\u0131\u011f\u0131na \u015eubat 2022\u2019de Aile ve Sosyal Hizmetler Bakanl\u0131\u011f\u0131 (ASHB) taraf\u0131ndan projenin teknik deste\u011fi ile kurulan bir \u00e7al\u0131\u015fma grubu arac\u0131l\u0131\u011f\u0131yla ba\u015flanm\u0131\u015ft\u0131r. S\u00f6z konusu \u00e7al\u0131\u015fma grubunu olu\u015fturan ASHB \u00c7ocuk Hizmetleri Genel M\u00fcd\u00fcrl\u00fc\u011f\u00fc (\u00c7HGM), Kad\u0131n\u0131n Stat\u00fcs\u00fc Genel M\u00fcd\u00fcrl\u00fc\u011f\u00fc (KSGM), \u00c7al\u0131\u015fma ve Sosyal G\u00fcvenlik Bakanl\u0131\u011f\u0131 (\u00c7SGB) ve aralar\u0131nda akademisyen, sivil toplum \u00f6rg\u00fct\u00fc temsilcileri ve uygulay\u0131c\u0131lar\u0131n oldu\u011fu teknik destek ekibi \u00fcyeleri be\u015f ay s\u00fcresince \u00e7al\u0131\u015fmalar\u0131n\u0131 s\u00fcrd\u00fcrm\u00fc\u015ft\u00fcr.<\/p>\n<p style=\"text-align: justify;\">\u00c7al\u0131\u015fmalar \u00f6ncelikle nitel ve nicel ara\u015ft\u0131rmalarla ba\u015flanm\u0131\u015ft\u0131r. \u00c7al\u0131\u015fma grubu \u00fcyeleri aras\u0131nda d\u00fczenli ileti\u015fim ve isti\u015fare yoluyla y\u00fcr\u00fct\u00fclen kapsamda kaynak taraman\u0131n yan\u0131 s\u0131ra merkezde nitel ta\u015frada ise nicel ara\u015ft\u0131rmalar yap\u0131lm\u0131\u015ft\u0131r.<\/p>\n<p style=\"text-align: justify;\">Yap\u0131lan nicel \u00e7al\u0131\u015fma kapsam\u0131nda ileti\u015fim, koordinasyon ve bilgi payla\u015f\u0131m\u0131 konusunda uygulamadaki sorunlar\u0131n, ileti\u015fim aksakl\u0131klar\u0131n\u0131n ve darbo\u011fazlar\u0131n tespit edilmesi i\u00e7in hizmetin uygulanma s\u00fcrecini kapsayan bir alan ara\u015ft\u0131rmas\u0131 yap\u0131lm\u0131\u015ft\u0131r. S\u00f6z konusu alan ara\u015ft\u0131rmas\u0131 \u00e7ocuk koruma sistemi ve \u00e7ocuk i\u015f\u00e7ili\u011fi ba\u015fl\u0131klar\u0131 alt\u0131nda ele al\u0131nm\u0131\u015ft\u0131r. ASHB ta\u015fra te\u015fkilat\u0131nda yer alan 3073 meslek eleman\u0131na uygulanan anketlere kat\u0131l\u0131m %47 oran\u0131nda; \u00c7SGB ta\u015fra te\u015fkilat\u0131nda yer alan 562 \u00c7ocuk \u0130\u015f\u00e7ili\u011fi ile M\u00fccadele Biriminde g\u00f6rev yapan personele uygulanan anketlere kat\u0131l\u0131m %46 oran\u0131nda ger\u00e7ekle\u015fmi\u015ftir.<\/p>\n<p style=\"text-align: justify;\">Nitel ara\u015ft\u0131rmalar kapsam\u0131nda ise 12 \u00c7HGM personeli ile derinlemesine g\u00f6r\u00fc\u015fmeler, ASHB di\u011fer genel m\u00fcd\u00fcrl\u00fcklerinden 15 personelin kat\u0131l\u0131m\u0131 ile odak grup \u00e7al\u0131\u015fmas\u0131 ve \u00c7SGB \u0130stihdam Politikalar\u0131 Daire Ba\u015fkanl\u0131\u011f\u0131ndan 6 personelinin kat\u0131l\u0131m\u0131 ile odak grup \u00e7al\u0131\u015fmas\u0131 yap\u0131lm\u0131\u015ft\u0131r.<\/p>\n<p style=\"text-align: justify;\">Yap\u0131lan bu nitel ve nicel ara\u015ft\u0131rmalar\u0131n sonucunda, i\u015fbu strateji belgesinin eki olan \u2018\u0130leti\u015fim S\u00fcre\u00e7leri Mevcut Durum Analizi Raporu\u2019 haz\u0131rlanm\u0131\u015ft\u0131r.<\/p>\n<p style=\"text-align: justify;\">S\u00f6z konusu rapora dayanarak haz\u0131rlanan \u0130leti\u015fim, Koordinasyon ve Bilgi Payla\u015f\u0131m\u0131 Strateji Belgesi ASHB\u2019nin kurum i\u00e7i ve di\u011fer kurumlar ve sivil toplum ile olan koordinasyon, i\u015f birli\u011fi ve ileti\u015fim mekanizmalar\u0131n\u0131n mevcut durumunu ele almakta ve iyile\u015ftirme \u00f6nerilerinde bulunmaktad\u0131r. Buna ek olarak \u00f6zellikle \u00e7ocuk i\u015f\u00e7ili\u011fi ile m\u00fccadele konusunda \u00c7SGB\u2019nin kendi i\u00e7inde ve di\u011fer kurum ve kurulu\u015flar ve sivil toplumla olan koordinasyon, i\u015f birli\u011fi ve ileti\u015fim mekanizmalar\u0131n\u0131 ele almakta ve iyile\u015ftirme \u00f6nerilerinde bulunmaktad\u0131r.<\/p>\n<p style=\"text-align: justify;\">\u0130leti\u015fim, Koordinasyon ve Bilgi Payla\u015f\u0131m\u0131 Belgesi, T\u00fcrkiye\u2019de \u00e7ocuk haklar\u0131n\u0131n en \u00fcst d\u00fczeyde ger\u00e7ekle\u015fmesi amac\u0131yla \u00e7ocuk koruma sistemi i\u00e7inde rol oynamakta bulunan \u00e7e\u015fitli akt\u00f6rler, kurumlar ve bireyler aras\u0131ndaki ili\u015fki ve i\u015fleyi\u015fleri analitik bir d\u00fczeyde ele almak i\u00e7in literat\u00fcrde \u201c3K Modeli\u201d olarak an\u0131lan kuramsal \u00e7er\u00e7eve kullan\u0131larak her \u00fc\u00e7 alanda kar\u015f\u0131la\u015f\u0131ld\u0131\u011f\u0131 tespit edilen problem ve darbo\u011fazlara y\u00f6nelik kapsaml\u0131 iyile\u015ftirme \u00f6neriler geli\u015ftirmi\u015ftir.<\/p>\n\n\t\t<\/div>\n\t<\/div>\n<\/div><\/div><\/div>\n\t\t\t\t<\/div>\n\t\t\t<\/div>\n\t\t<\/div>\n<\/div>\n<\/section>","protected":false},"excerpt":{"rendered":"\u0130leti\u015fim, Koordinasyon ve Bilgi Payla\u015f\u0131m\u0131 Belgesi T\u00fcrkiye\u2019de \u00c7ocuk Haklar\u0131n\u0131n Desteklenmesi i\u00e7in Teknik Yard\u0131m Projesi kapsam\u0131nda, \u00e7ocuk haklar\u0131n\u0131n d\u00f6rt odak alan\u0131nda kurum ...","protected":false},"author":1,"featured_media":0,"parent":1124,"menu_order":5,"comment_status":"closed","ping_status":"closed","template":"","meta":{"footnotes":""},"class_list":["post-1147","page","type-page","status-publish","hentry"],"_links":{"self":[{"href":"https:\/\/oznecocuk.com\/en\/wp-json\/wp\/v2\/pages\/1147","targetHints":{"allow":["GET"]}}],"collection":[{"href":"https:\/\/oznecocuk.com\/en\/wp-json\/wp\/v2\/pages"}],"about":[{"href":"https:\/\/oznecocuk.com\/en\/wp-json\/wp\/v2\/types\/page"}],"author":[{"embeddable":true,"href":"https:\/\/oznecocuk.com\/en\/wp-json\/wp\/v2\/users\/1"}],"replies":[{"embeddable":true,"href":"https:\/\/oznecocuk.com\/en\/wp-json\/wp\/v2\/comments?post=1147"}],"version-history":[{"count":2,"href":"https:\/\/oznecocuk.com\/en\/wp-json\/wp\/v2\/pages\/1147\/revisions"}],"predecessor-version":[{"id":1351,"href":"https:\/\/oznecocuk.com\/en\/wp-json\/wp\/v2\/pages\/1147\/revisions\/1351"}],"up":[{"embeddable":true,"href":"https:\/\/oznecocuk.com\/en\/wp-json\/wp\/v2\/pages\/1124"}],"wp:attachment":[{"href":"https:\/\/oznecocuk.com\/en\/wp-json\/wp\/v2\/media?parent=1147"}],"curies":[{"name":"wp","href":"https:\/\/api.w.org\/{rel}","templated":true}]}}